{"id":4741,"date":"2017-02-10T11:23:16","date_gmt":"2017-02-10T11:23:16","guid":{"rendered":"http:\/\/www.dimeco.com\/?page_id=4741\/"},"modified":"2026-03-16T15:20:17","modified_gmt":"2026-03-16T15:20:17","slug":"exhibitions","status":"publish","type":"page","link":"https:\/\/www.dimeco.com\/fr\/exhibitions\/","title":{"rendered":"Expositions"},"content":{"rendered":"<h2>GLOBAL INDSUTRIE PARIS 2026<\/h2>\n<div class=\"row\">\n<div class=\"grid_4\">\n<p><a href=\"https:\/\/www.global-industrie.com\/en\"><img loading=\"lazy\" class=\"alignnone size-medium wp-image-24031\" src=\"https:\/\/www.dimeco.com\/wp-content\/uploads\/2026\/03\/Anglais1-300x203.jpg\" alt=\"\" width=\"300\" height=\"203\" srcset=\"https:\/\/www.dimeco.com\/wp-content\/uploads\/2026\/03\/Anglais1-300x203.jpg 300w, https:\/\/www.dimeco.com\/wp-content\/uploads\/2026\/03\/Anglais1-1024x692.jpg 1024w, https:\/\/www.dimeco.com\/wp-content\/uploads\/2026\/03\/Anglais1-768x519.jpg 768w, https:\/\/www.dimeco.com\/wp-content\/uploads\/2026\/03\/Anglais1-1536x1037.jpg 1536w, https:\/\/www.dimeco.com\/wp-content\/uploads\/2026\/03\/Anglais1-2048x1383.jpg 2048w, https:\/\/www.dimeco.com\/wp-content\/uploads\/2026\/03\/Anglais1-928x627.jpg 928w\" sizes=\"(max-width: 300px) 100vw, 300px\" \/><\/a><\/p>\n<\/div>\n<div class=\"grid_5\">\n<span>DIMECO sera pr\u00e9sent \u00e0 <b>Global Industrie 2026<\/b>\u00a0\u2013 Paris\u00a0<\/span><\/p>\n<div><span>\u00a0Nous sommes heureux d\u2019annoncer notre participation \u00e0 l\u2019\u00e9dition 2026 du salon,<\/span><\/div>\n<div><span>rendez vous majeur pour les acteurs de l\u2019industrie europ\u00e9enne.<\/span><\/div>\n<div><span>\u00a0<\/span><\/div>\n<div><span>Cette ann\u00e9e, notre savoir faire sera mis en avant sur deux espaces :<\/span><\/div>\n<div><span>\u00a0\u00a0<b>Stand DIMECO \u2013 6G95<\/b><\/span><\/div>\n<div><span>\u00a0<\/span><\/div>\n<div><span>\u00a0\u00a0<b>Stand FIMMEF<\/b>\u00a0&#8211; FIM M\u00e9taux en Feuilles \u2013\u00a0<b>6E82<\/b>,\u00a0<\/span><\/div>\n<div><span>o\u00f9 sera pr\u00e9sent\u00e9e une ligne compl\u00e8te de d\u00e9roulage DIMECO,<\/span><\/div>\n<div><span>int\u00e9gr\u00e9e \u00e0 une presse 25 tonnes<\/span><\/div>\n<div><\/div>\n<div><span style=\"color: #000000;\"> Global Industrie \u2013 Paris, 2026<\/span><\/div>\n<div><span style=\"color: #000000;\">du 30 Mars au 2 Avril 2026<\/span><\/div>\n<div><span style=\"color: #000000;\"> Hall 6 \u2013 Stands G95 (DIMECO) &amp; E82 (FIM<\/span><span style=\"color: #ffffff;\">MEF)<\/span><\/div>\n<h4><span style=\"color: #0000ff;\"><a style=\"color: #0000ff;\" href=\"https:\/\/get.formulaire.info\/form?p=qnb4LN5Q\">Demandez votre entr\u00e9e gratuite\u00a0<\/a><\/span><\/h4>\n<\/div>\n<\/div>\n<h2>DIMECO WEEKS<\/h2>\n<div class=\"row\">\n<div class=\"grid_4\">\n<p><a href=\"https:\/\/www.dimeco.com\/wp-content\/uploads\/2026\/02\/Bandeau.TV_.Dimeco-WEEKS.2.jpg\" data-rel=\"lightbox-image-0\" data-magnific_type=\"image\" data-rl_title=\"\" data-rl_caption=\"\" title=\"\"><img loading=\"lazy\" class=\"alignnone size-medium wp-image-23992\" src=\"https:\/\/www.dimeco.com\/wp-content\/uploads\/2026\/02\/Bandeau.TV_.Dimeco-WEEKS.2-300x145.jpg\" alt=\"dimeco weeks\" width=\"300\" height=\"145\" srcset=\"https:\/\/www.dimeco.com\/wp-content\/uploads\/2026\/02\/Bandeau.TV_.Dimeco-WEEKS.2-300x145.jpg 300w, https:\/\/www.dimeco.com\/wp-content\/uploads\/2026\/02\/Bandeau.TV_.Dimeco-WEEKS.2-1024x497.jpg 1024w, https:\/\/www.dimeco.com\/wp-content\/uploads\/2026\/02\/Bandeau.TV_.Dimeco-WEEKS.2-768x372.jpg 768w, https:\/\/www.dimeco.com\/wp-content\/uploads\/2026\/02\/Bandeau.TV_.Dimeco-WEEKS.2-1536x745.jpg 1536w, https:\/\/www.dimeco.com\/wp-content\/uploads\/2026\/02\/Bandeau.TV_.Dimeco-WEEKS.2-928x450.jpg 928w, https:\/\/www.dimeco.com\/wp-content\/uploads\/2026\/02\/Bandeau.TV_.Dimeco-WEEKS.2.jpg 1920w\" sizes=\"(max-width: 300px) 100vw, 300px\" \/><\/a><\/p>\n<\/div>\n<div class=\"grid_5\">\n<p>Cette ann\u00e9e,\u00a0<b>DIMECO<\/b> vous ouvre ses portes pour une immersion unique au c\u0153ur de notre savoir faire.<\/p>\n<div>\n<div><strong>Du 23 f\u00e9vrier au 13 mars 2026<\/strong>, nous organisons les\u00a0<b>DIMECO Weeks<\/b>,\u00a0trois semaines d\u00e9di\u00e9es \u00e0 l\u2019innovation, \u00e0 la d\u00e9couverte et aux \u00e9changes\u00a0autour du travail de la t\u00f4le en bobine.<\/div>\n<div><\/div>\n<div><b>VOUS AUREZ L&rsquo;OCCASION DE :<\/b><\/div>\n<div>\u2022 d\u00e9couvrir en avant premi\u00e8re notre nouvelle\u00a0<b>commande num\u00e9rique RF1 \u2192 RF4<\/b>,<\/div>\n<div>\u2022 parcourir notre atelier et voir nos\u00a0<b>lignes en cours de montage<\/b>,<\/div>\n<div>\u2022 comprendre comment nous r\u00e9pondons<b>\u00a0aux enjeux actuels<\/b>\u00a0:<\/div>\n<div>automatisation, redressage, s\u00e9curit\u00e9, suivi de production, ROI\u2026,<\/div>\n<div>\u2022 d\u00e9couvrir des retours d&rsquo;exp\u00e9rience concrets gr\u00e2ce \u00e0 des t\u00e9moignages clients.<\/div>\n<div><\/div>\n<div>Nous avons con\u00e7u cet \u00e9v\u00e9nement pour vous offrir une exp\u00e9rience r\u00e9elle,<\/div>\n<div>proche du terrain, et r\u00e9pondre directement \u00e0 vos probl\u00e9matiques industrielles.<\/div>\n<div><\/div>\n<div><a href=\"https:\/\/get.formulaire.info\/form?p=9zVFXJdg\"><b> Je d\u00e9couvre l\u2019\u00e9v\u00e9nement &amp; je m\u2019inscris<\/b><\/a><\/div>\n<\/div>\n<\/div>\n<\/div>\n<h2><\/h2>\n<h2>BLECHEXPO STUTTGART<\/h2>\n<div class=\"row\">\n<div class=\"grid_4\">\n<p><a href=\"https:\/\/www.blechexpo-messe.de\/en\/\" target=\"_blank\" rel=\"noopener\"><img class=\"alignnone wp-image-23660 size-medium\" src=\"https:\/\/www.dimeco.com\/wp-content\/uploads\/2025\/09\/Blechexpo-2025.jpg\" alt=\"invitation \" width=\"300\" \/><\/a><\/p>\n<\/div>\n<div class=\"grid_5\">\nBLECHEXPO STUTTGART 2025<\/p>\n<p>Discover DIMECO\u2019s latest roll forming and punching technologies at BLECHEXPO Stuttgart.<br \/>\nFind us at our two stands:<br \/>\n-Punching and roll forming -&gt; Stand 3601, Hall 3<br \/>\n-Press feeding, press accessories, tool and coil handling solutions -&gt; Stand 6316, Hall 6<br \/>\nGet your free ticket here and meet our experts to discuss your projects!<\/p>\n<p><a style=\"text-decoration: underline;\" href=\"https:\/\/www.schall-registrierung.de\/login.php?code=HDSKU-Q1DT4\">Direct-Link for ticket registration<\/a><\/p>\n<p>QR-Code for ticket registration:<\/p>\n<p><img class=\"alignnone wp-image-23660 size-medium\" src=\"https:\/\/www.dimeco.com\/wp-content\/uploads\/2025\/09\/QR-Blechexpo.jpg\" alt=\"invitation \" width=\"95\" \/><\/p>\n<\/div>\n<\/div>\n<h2>FABTECH CHICAGO 2025<\/h2>\n<div class=\"row\">\n<div class=\"grid_4\">\n<p><a href=\"https:\/\/www.fabtechexpo.com\/\" target=\"_blank\" rel=\"noopener\"><img class=\"alignnone wp-image-23660 size-medium\" src=\"https:\/\/www.dimeco.com\/wp-content\/uploads\/2025\/06\/chicago-2025.jpg\" alt=\"invitation \" width=\"300\" \/><\/a><\/p>\n<\/div>\n<div class=\"grid_5\">\nFABTECH CHICACO 2025<\/p>\n<p>Visit us at booth: D37128<\/p>\n<p>Get your ticket with our code : 17188322<br \/>\n<\/div>\n<\/div>\n<h2>DIMECO DAYS 2025<\/h2>\n<div class=\"row\">\n<div class=\"grid_4\">\n<p><a href=\"https:\/\/www.dimeco.com\/wp-content\/uploads\/2025\/01\/save-the-date-QRC-ENG.jpg\" data-rel=\"lightbox-image-1\" data-magnific_type=\"image\" data-rl_title=\"\" data-rl_caption=\"\" title=\"\"><img loading=\"lazy\" class=\"size-medium wp-image-23814\" src=\"https:\/\/www.dimeco.com\/wp-content\/uploads\/2025\/01\/save-the-date-QRC-ENG-300x212.jpg\" alt=\"DIMECO DAYS \" width=\"300\" height=\"212\" srcset=\"https:\/\/www.dimeco.com\/wp-content\/uploads\/2025\/01\/save-the-date-QRC-ENG-300x212.jpg 300w, https:\/\/www.dimeco.com\/wp-content\/uploads\/2025\/01\/save-the-date-QRC-ENG-1024x724.jpg 1024w, https:\/\/www.dimeco.com\/wp-content\/uploads\/2025\/01\/save-the-date-QRC-ENG-768x543.jpg 768w, https:\/\/www.dimeco.com\/wp-content\/uploads\/2025\/01\/save-the-date-QRC-ENG-1536x1086.jpg 1536w, https:\/\/www.dimeco.com\/wp-content\/uploads\/2025\/01\/save-the-date-QRC-ENG-928x656.jpg 928w, https:\/\/www.dimeco.com\/wp-content\/uploads\/2025\/01\/save-the-date-QRC-ENG-rotated.jpg 1754w\" sizes=\"(max-width: 300px) 100vw, 300px\" \/><\/a><\/p>\n<p><span style=\"font-size: 16px;\"> Du 19 au 21 Mars, 2025<\/span><\/p>\n<p>de 9 \u00e0 17 h<\/p>\n<p>DIMECO, 2 Rue du Ch\u00eane, Pirey 25480, France<\/p>\n<p>\u2712\ufe0f Inscrivez vous: <a class=\"IikfLGwTcACRiIDrmlKEzVRqGWyDWewA \" href=\"https:\/\/lnkd.in\/eKC6vk8z\" target=\"_self\" rel=\"noopener\" data-test-app-aware-link=\"\">https:\/\/lnkd.in\/eKC6vk8z<\/a> ou par mail <a class=\"IikfLGwTcACRiIDrmlKEzVRqGWyDWewA \" href=\"mailto:dimeco-days@dimeco.com\" target=\"_self\" rel=\"noopener\" data-test-app-aware-link=\"\">dimeco-days@dimeco.com<\/a><\/p>\n<\/div>\n<div class=\"grid_4\">\n<p>&nbsp;<\/p>\n<\/div>\n<\/div>\n","protected":false},"excerpt":{"rendered":"<p>GLOBAL INDSUTRIE PARIS 2026 DIMECO WEEKS BLECHEXPO STUTTGART FABTECH CHICAGO 2025 DIMECO DAYS 2025<\/p>\n","protected":false},"author":1,"featured_media":0,"parent":0,"menu_order":0,"comment_status":"closed","ping_status":"closed","template":"page-normal.php","meta":{"extendify_custom_stylesheet":""},"acf":[],"yoast_head":"<!-- This site is optimized with the Yoast SEO plugin v19.3 - https:\/\/yoast.com\/wordpress\/plugins\/seo\/ -->\n<title>Expositions - Dimeco<\/title>\n<meta name=\"robots\" content=\"index, follow, max-snippet:-1, max-image-preview:large, max-video-preview:-1\" \/>\n<link rel=\"canonical\" href=\"https:\/\/www.dimeco.com\/fr\/exhibitions\/\" \/>\n<meta property=\"og:locale\" content=\"fr_FR\" \/>\n<meta property=\"og:type\" content=\"article\" \/>\n<meta property=\"og:title\" content=\"Expositions - Dimeco\" \/>\n<meta property=\"og:description\" content=\"GLOBAL INDSUTRIE PARIS 2026 DIMECO WEEKS BLECHEXPO STUTTGART FABTECH CHICAGO 2025 DIMECO DAYS 2025\" \/>\n<meta property=\"og:url\" content=\"https:\/\/www.dimeco.com\/fr\/exhibitions\/\" \/>\n<meta property=\"og:site_name\" content=\"Dimeco\" \/>\n<meta property=\"article:modified_time\" content=\"2026-03-16T15:20:17+00:00\" \/>\n<meta property=\"og:image\" content=\"https:\/\/www.dimeco.com\/wp-content\/uploads\/2026\/03\/Anglais1-300x203.jpg\" \/>\n<meta name=\"twitter:card\" content=\"summary\" \/>\n<meta name=\"twitter:label1\" content=\"Dur\u00e9e de lecture estim\u00e9e\" \/>\n\t<meta name=\"twitter:data1\" content=\"3 minutes\" \/>\n<script type=\"application\/ld+json\" class=\"yoast-schema-graph\">{\"@context\":\"https:\/\/schema.org\",\"@graph\":[{\"@type\":\"WebSite\",\"@id\":\"https:\/\/www.dimeco.com\/es\/#website\",\"url\":\"https:\/\/www.dimeco.com\/es\/\",\"name\":\"Dimeco\",\"description\":\"FLEXIBLE SHEET METAL PUNCHING CUTTING &amp; FORMING PROCESSES\",\"potentialAction\":[{\"@type\":\"SearchAction\",\"target\":{\"@type\":\"EntryPoint\",\"urlTemplate\":\"https:\/\/www.dimeco.com\/es\/?s={search_term_string}\"},\"query-input\":\"required name=search_term_string\"}],\"inLanguage\":\"fr-FR\"},{\"@type\":\"ImageObject\",\"inLanguage\":\"fr-FR\",\"@id\":\"https:\/\/www.dimeco.com\/fr\/exhibitions\/#primaryimage\",\"url\":\"https:\/\/www.dimeco.com\/wp-content\/uploads\/2026\/03\/Anglais1-scaled.jpg\",\"contentUrl\":\"https:\/\/www.dimeco.com\/wp-content\/uploads\/2026\/03\/Anglais1-scaled.jpg\",\"width\":2560,\"height\":1729},{\"@type\":\"WebPage\",\"@id\":\"https:\/\/www.dimeco.com\/fr\/exhibitions\/\",\"url\":\"https:\/\/www.dimeco.com\/fr\/exhibitions\/\",\"name\":\"Expositions - Dimeco\",\"isPartOf\":{\"@id\":\"https:\/\/www.dimeco.com\/es\/#website\"},\"primaryImageOfPage\":{\"@id\":\"https:\/\/www.dimeco.com\/fr\/exhibitions\/#primaryimage\"},\"datePublished\":\"2017-02-10T11:23:16+00:00\",\"dateModified\":\"2026-03-16T15:20:17+00:00\",\"breadcrumb\":{\"@id\":\"https:\/\/www.dimeco.com\/fr\/exhibitions\/#breadcrumb\"},\"inLanguage\":\"fr-FR\",\"potentialAction\":[{\"@type\":\"ReadAction\",\"target\":[\"https:\/\/www.dimeco.com\/fr\/exhibitions\/\"]}]},{\"@type\":\"BreadcrumbList\",\"@id\":\"https:\/\/www.dimeco.com\/fr\/exhibitions\/#breadcrumb\",\"itemListElement\":[{\"@type\":\"ListItem\",\"position\":1,\"name\":\"Home\",\"item\":\"https:\/\/www.dimeco.com\/fr\/\"},{\"@type\":\"ListItem\",\"position\":2,\"name\":\"Expositions\"}]}]}<\/script>\n<!-- \/ Yoast SEO plugin. -->","yoast_head_json":{"title":"Expositions - Dimeco","robots":{"index":"index","follow":"follow","max-snippet":"max-snippet:-1","max-image-preview":"max-image-preview:large","max-video-preview":"max-video-preview:-1"},"canonical":"https:\/\/www.dimeco.com\/fr\/exhibitions\/","og_locale":"fr_FR","og_type":"article","og_title":"Expositions - Dimeco","og_description":"GLOBAL INDSUTRIE PARIS 2026 DIMECO WEEKS BLECHEXPO STUTTGART FABTECH CHICAGO 2025 DIMECO DAYS 2025","og_url":"https:\/\/www.dimeco.com\/fr\/exhibitions\/","og_site_name":"Dimeco","article_modified_time":"2026-03-16T15:20:17+00:00","og_image":[{"url":"https:\/\/www.dimeco.com\/wp-content\/uploads\/2026\/03\/Anglais1-300x203.jpg"}],"twitter_card":"summary","twitter_misc":{"Dur\u00e9e de lecture estim\u00e9e":"3 minutes"},"schema":{"@context":"https:\/\/schema.org","@graph":[{"@type":"WebSite","@id":"https:\/\/www.dimeco.com\/es\/#website","url":"https:\/\/www.dimeco.com\/es\/","name":"Dimeco","description":"FLEXIBLE SHEET METAL PUNCHING CUTTING &amp; FORMING PROCESSES","potentialAction":[{"@type":"SearchAction","target":{"@type":"EntryPoint","urlTemplate":"https:\/\/www.dimeco.com\/es\/?s={search_term_string}"},"query-input":"required name=search_term_string"}],"inLanguage":"fr-FR"},{"@type":"ImageObject","inLanguage":"fr-FR","@id":"https:\/\/www.dimeco.com\/fr\/exhibitions\/#primaryimage","url":"https:\/\/www.dimeco.com\/wp-content\/uploads\/2026\/03\/Anglais1-scaled.jpg","contentUrl":"https:\/\/www.dimeco.com\/wp-content\/uploads\/2026\/03\/Anglais1-scaled.jpg","width":2560,"height":1729},{"@type":"WebPage","@id":"https:\/\/www.dimeco.com\/fr\/exhibitions\/","url":"https:\/\/www.dimeco.com\/fr\/exhibitions\/","name":"Expositions - Dimeco","isPartOf":{"@id":"https:\/\/www.dimeco.com\/es\/#website"},"primaryImageOfPage":{"@id":"https:\/\/www.dimeco.com\/fr\/exhibitions\/#primaryimage"},"datePublished":"2017-02-10T11:23:16+00:00","dateModified":"2026-03-16T15:20:17+00:00","breadcrumb":{"@id":"https:\/\/www.dimeco.com\/fr\/exhibitions\/#breadcrumb"},"inLanguage":"fr-FR","potentialAction":[{"@type":"ReadAction","target":["https:\/\/www.dimeco.com\/fr\/exhibitions\/"]}]},{"@type":"BreadcrumbList","@id":"https:\/\/www.dimeco.com\/fr\/exhibitions\/#breadcrumb","itemListElement":[{"@type":"ListItem","position":1,"name":"Home","item":"https:\/\/www.dimeco.com\/fr\/"},{"@type":"ListItem","position":2,"name":"Expositions"}]}]}},"_links":{"self":[{"href":"https:\/\/www.dimeco.com\/fr\/wp-json\/wp\/v2\/pages\/4741\/"}],"collection":[{"href":"https:\/\/www.dimeco.com\/fr\/wp-json\/wp\/v2\/pages\/"}],"about":[{"href":"https:\/\/www.dimeco.com\/fr\/wp-json\/wp\/v2\/types\/page\/"}],"author":[{"embeddable":true,"href":"https:\/\/www.dimeco.com\/fr\/wp-json\/wp\/v2\/users\/1\/"}],"replies":[{"embeddable":true,"href":"https:\/\/www.dimeco.com\/fr\/wp-json\/wp\/v2\/comments\/?post=4741"}],"version-history":[{"count":6,"href":"https:\/\/www.dimeco.com\/fr\/wp-json\/wp\/v2\/pages\/4741\/revisions\/"}],"predecessor-version":[{"id":24048,"href":"https:\/\/www.dimeco.com\/fr\/wp-json\/wp\/v2\/pages\/4741\/revisions\/24048\/"}],"wp:attachment":[{"href":"https:\/\/www.dimeco.com\/fr\/wp-json\/wp\/v2\/media\/?parent=4741"}],"curies":[{"name":"wp","href":"https:\/\/api.w.org\/{rel}","templated":true}]}}